{"id":2571,"date":"2020-07-16T22:53:02","date_gmt":"2020-07-16T22:53:02","guid":{"rendered":"http:\/\/afa.mvilamajo.opalstacked.com\/?page_id=2571"},"modified":"2020-09-18T16:09:59","modified_gmt":"2020-09-18T16:09:59","slug":"premio-luis-masperi","status":"publish","type":"page","link":"http:\/\/rafa2020.fisica.org.ar\/?page_id=2571","title":{"rendered":"Premio Luis M\u00e1speri"},"content":{"rendered":"<p>La Asociaci\u00f3n F\u00edsica Argentina (AFA), ha instituido el <strong>Premio Luis M\u00e1speri para Trabajos Finales (Tesinas) de Licenciatura en F\u00edsica<\/strong>, presentados como trabajos murales (poster) durante la Reuni\u00f3n Anual.<\/p>\n<p><strong>El Premio conmemora a quien fuera un cient\u00edfico de destacada proyecci\u00f3n nacional e internacional, director del Centro Latinoamericano de F\u00edsica, docente en el Instituto Balseiro por m\u00e1s de tres d\u00e9cadas y activo defensor de derechos humanos y de los principios del pacifismo.<\/strong><\/p>\n<p>Todas las presentaciones tendr\u00e1n lugar el <strong>lunes 21<\/strong> de septiembre en la <strong>Sala Premio M\u00e1speri de la Plataforma Webinar.<\/strong><\/p>\n<h3>Horarios, Postulantes y T\u00edtulo de las presentaciones<\/h3>\n<p style=\"padding-left: 40px;\"><strong>10.30-10.50:<\/strong> J. Nener, <em>&#8220;En b\u00fasqueda de estrategias \u00f3ptimas en modelos de distribuci\u00f3n de riqueza&#8221;.<\/em><\/p>\n<p style=\"padding-left: 40px;\"><strong>10.50-11.10:<\/strong> N. Abadi, <em>&#8220;Energ\u00eda como una m\u00e9trica para selecci\u00f3n natural&#8221;.<\/em><\/p>\n<p style=\"padding-left: 40px;\"><strong>11.10-11.30:<\/strong> M. Mosquera Panizo, <em>&#8220;Estudio de estabilidad de fases en aleaciones envejecidas de CuAlNi con memoria de forma&#8221;.<\/em><\/p>\n<p style=\"padding-left: 40px;\"><strong>11.30-11.50:<\/strong> P. Jim\u00e9nez, <em>&#8220;Im\u00e1genes cuantitativas no-invasivas con Resonancia Magn\u00e9tica Nuclear pesadas por difusi\u00f3n basadas en par\u00e1metros microestructurales&#8221;.<\/em><\/p>\n<p style=\"padding-left: 40px;\"><strong>11.50-12.10:<\/strong> M. V. Kortsarz, <em>&#8220;Identificando biomarcadores basados en prote\u00ednas fluorescentes con im\u00e1genes no-invasivas por resonancia magn\u00e9tica&#8221;.<\/em><\/p>\n<p style=\"padding-left: 40px;\"><strong>12.10-12.30:<\/strong> B. M. Ronchi, <em>&#8220;Maximizando la informaci\u00f3n obtenible con sensores cu\u00e1nticos con el Efecto Zen\u00f3n&#8221;.<\/em><\/p>\n<p style=\"padding-left: 40px;\"><strong>15.00-15.20:<\/strong> L. Daguerre, <em>&#8220;Teor\u00eda de Campos no relativistas: din\u00e1mica e irreversibilidad&#8221;.<\/em><\/p>\n<p style=\"padding-left: 40px;\"><strong>15.20-15.40:<\/strong> L. Manzo, <em>&#8220;Formalismo L\u00ednea de Mundo para un campo escalar en variedades curvas y con borde&#8221;.<\/em><\/p>\n<p style=\"padding-left: 40px;\"><strong>15.40-16.00:<\/strong> P. Pagano, <em>&#8220;Estudio y an\u00e1lisis de funcionamiento de un anillo resonador integrado en un cristal de Niobato de Litio&#8221;.<\/em><\/p>\n<p style=\"padding-left: 40px;\"><strong>16.00-16.20:<\/strong> I. Sallaberry,<em> &#8220;Estudio de la din\u00e1mica y agregaci\u00f3n intracelular de prote\u00ednas a partir de t\u00e9cnicas avanzadas de microscop\u00eda de fluorescencia&#8221;.<\/em><\/p>\n<p style=\"padding-left: 40px;\"><strong>16.20-16.40:<\/strong> H. D. Boggiano,<em> &#8220;Antenas plasm\u00f3nicas como sensores optomec\u00e1nicos localizados en la nanoescala&#8221;.<\/em><\/p>\n<p style=\"padding-left: 40px;\"><strong>16.40-17.00:<\/strong> C. P\u00e9rez Bertolli,<em> &#8220;Estimaci\u00f3n del flujo de muones en el laboratorio subterr\u00e1neo ANDES&#8221;.<\/em><\/p>\n<h3>Tribunal del Premio Luis M\u00e1speri<\/h3>\n<div class=\"tmm tmm_tribunal-del-premio-luis-masperi\"><div class=\"tmm_3_columns tmm_wrap tmm_plugin_f\"><span class=\"tmm_two_containers_tablet\"><\/span><div class=\"tmm_container\"><div class=\"tmm_member\" style=\"border-top:#81d742 solid 5px;\"><div class=\"tmm_photo tmm_pic_tribunal-del-premio-luis-masperi_0\" style=\"background: url(http:\/\/afa.mvilamajo.opalstacked.com\/wp-content\/uploads\/2020\/09\/Mariel_Galassi.jpg); margin-left: auto; margin-right:auto; background-size:cover !important;\"><\/div><div class=\"tmm_textblock\"><div class=\"tmm_names\"><span class=\"tmm_fname\">Mariel Elisa<\/span> <span class=\"tmm_lname\">Galassi<\/span><\/div><div class=\"tmm_job\">Facultad de Ciencias Exactas, Ingenier\u00eda y Agrimensura - Universidad Nacional de Rosario<\/div><div class=\"tmm_scblock\"><a target=\"_blank\" class=\"tmm_sociallink\" href=\"https:\/\/www.conicet.gov.ar\/new_scp\/detalle.php?id=21745&datos_academicos=yes\" title=\"\"><img alt=\"\" src=\"http:\/\/rafa2020.fisica.org.ar\/wp-content\/plugins\/team-members\/inc\/img\/links\/website.png\"\/><\/a><\/div><\/div><\/div><div class=\"tmm_member\" style=\"border-top:#81d742 solid 5px;\"><div class=\"tmm_photo tmm_pic_tribunal-del-premio-luis-masperi_1\" style=\"background: url(http:\/\/afa.mvilamajo.opalstacked.com\/wp-content\/uploads\/2020\/09\/ana_web.jpeg); margin-left: auto; margin-right:auto; background-size:cover !important;\"><\/div><div class=\"tmm_textblock\"><div class=\"tmm_names\"><span class=\"tmm_fname\">Ana Paula<\/span> <span class=\"tmm_lname\">Majtey<\/span><\/div><div class=\"tmm_job\">Facultad de Matem\u00e1tica, Astronom\u00eda, F\u00edsica y Computaci\u00f3n - Universidad Nacional de C\u00f3rdoba<\/div><div class=\"tmm_scblock\"><a target=\"_blank\" class=\"tmm_sociallink\" href=\"https:\/\/www.conicet.gov.ar\/new_scp\/detalle.php?id=47928&datos_academicos=yes&keywords=\" title=\"\"><img alt=\"\" src=\"http:\/\/rafa2020.fisica.org.ar\/wp-content\/plugins\/team-members\/inc\/img\/links\/website.png\"\/><\/a><\/div><\/div><\/div><span class=\"tmm_two_containers_tablet\"><\/span><div class=\"tmm_member\" style=\"border-top:#81d742 solid 5px;\"><div class=\"tmm_photo tmm_pic_tribunal-del-premio-luis-masperi_2\" style=\"background: url(http:\/\/afa.mvilamajo.opalstacked.com\/wp-content\/uploads\/2020\/09\/sebastian_bustingorry.jpg); margin-left: auto; margin-right:auto; background-size:cover !important;\"><\/div><div class=\"tmm_textblock\"><div class=\"tmm_names\"><span class=\"tmm_fname\">Sebastian<\/span> <span class=\"tmm_lname\">Bustingorry<\/span><\/div><div class=\"tmm_job\">Instituto de Nanociencia y Nanotecnolog\u00eda CNEA-CONICET - Centro At\u00f3mico Bariloche<\/div><div class=\"tmm_scblock\"><a target=\"_blank\" class=\"tmm_sociallink\" href=\"https:\/\/www.conicet.gov.ar\/new_scp\/detalle.php?id=27678&datos_academicos=yes&keywords=\" title=\"\"><img alt=\"\" src=\"http:\/\/rafa2020.fisica.org.ar\/wp-content\/plugins\/team-members\/inc\/img\/links\/website.png\"\/><\/a><\/div><\/div><\/div><div style=\"clear:both;\"><\/div><\/div><\/div><\/div>\n","protected":false},"excerpt":{"rendered":"<p>La Asociaci\u00f3n F\u00edsica Argentina (AFA), ha instituido el Premio Luis M\u00e1speri para Trabajos Finales (Tesinas) de Licenciatura en F\u00edsica, presentados como trabajos murales (poster) durante la Reuni\u00f3n Anual. El Premio conmemora a quien fuera un cient\u00edfico de destacada proyecci\u00f3n nacional e internacional, director del Centro Latinoamericano de F\u00edsica, docente en el Instituto Balseiro por m\u00e1s<a class=\"moretag\" href=\"http:\/\/rafa2020.fisica.org.ar\/?tmm=tribunal-del-premio-luis-masperi\"><span class=\"screen-reader-text\">Read more about Tribunal del Premio Luis M\u00e1speri<\/span>[&#8230;]<\/a><\/p>\n","protected":false},"author":6,"featured_media":0,"parent":0,"menu_order":0,"comment_status":"closed","ping_status":"closed","template":"","meta":[],"_links":{"self":[{"href":"http:\/\/rafa2020.fisica.org.ar\/index.php?rest_route=\/wp\/v2\/pages\/2571"}],"collection":[{"href":"http:\/\/rafa2020.fisica.org.ar\/index.php?rest_route=\/wp\/v2\/pages"}],"about":[{"href":"http:\/\/rafa2020.fisica.org.ar\/index.php?rest_route=\/wp\/v2\/types\/page"}],"author":[{"embeddable":true,"href":"http:\/\/rafa2020.fisica.org.ar\/index.php?rest_route=\/wp\/v2\/users\/6"}],"replies":[{"embeddable":true,"href":"http:\/\/rafa2020.fisica.org.ar\/index.php?rest_route=%2Fwp%2Fv2%2Fcomments&post=2571"}],"version-history":[{"count":6,"href":"http:\/\/rafa2020.fisica.org.ar\/index.php?rest_route=\/wp\/v2\/pages\/2571\/revisions"}],"predecessor-version":[{"id":3135,"href":"http:\/\/rafa2020.fisica.org.ar\/index.php?rest_route=\/wp\/v2\/pages\/2571\/revisions\/3135"}],"wp:attachment":[{"href":"http:\/\/rafa2020.fisica.org.ar\/index.php?rest_route=%2Fwp%2Fv2%2Fmedia&parent=2571"}],"curies":[{"name":"wp","href":"https:\/\/api.w.org\/{rel}","templated":true}]}}